{"id":1267,"date":"2024-12-12T01:12:36","date_gmt":"2024-12-12T09:12:36","guid":{"rendered":"https:\/\/01rev.com\/sandbox\/cvc\/?page_id=1267"},"modified":"2026-04-09T14:50:40","modified_gmt":"2026-04-09T21:50:40","slug":"news-events","status":"publish","type":"page","link":"https:\/\/chulavistacenter.com\/es\/news-events\/","title":{"rendered":"Noticias y Eventos"},"content":{"rendered":"<p>[et_pb_section fb_built=&#8221;1&#8243; _builder_version=&#8221;4.27.4&#8243; _module_preset=&#8221;default&#8221; global_colors_info=&#8221;{}&#8221;][et_pb_row _builder_version=&#8221;4.27.4&#8243; _module_preset=&#8221;default&#8221; global_colors_info=&#8221;{}&#8221;][et_pb_column type=&#8221;4_4&#8243; _builder_version=&#8221;4.27.4&#8243; _module_preset=&#8221;default&#8221; global_colors_info=&#8221;{}&#8221;][dipl_separator seprator_thickness=&#8221;6px&#8221; separator_color=&#8221;#C88BDA&#8221; _builder_version=&#8221;4.27.4&#8243; _module_preset=&#8221;default&#8221; global_colors_info=&#8221;{}&#8221;][\/dipl_separator][\/et_pb_column][\/et_pb_row][et_pb_row _builder_version=&#8221;4.27.4&#8243; _module_preset=&#8221;default&#8221; custom_margin=&#8221;-21px|auto||auto||&#8221; custom_padding=&#8221;||6px|||&#8221; global_colors_info=&#8221;{}&#8221;][et_pb_column type=&#8221;4_4&#8243; _builder_version=&#8221;4.27.4&#8243; _module_preset=&#8221;default&#8221; global_colors_info=&#8221;{}&#8221;][et_pb_image src=&#8221;https:\/\/chulavistacenter.com\/wp-content\/uploads\/2026\/03\/website-.png&#8221; title_text=&#8221;website&#8221; url=&#8221;https:\/\/www.eventbrite.com\/e\/wellness-y-glow-tickets-1984484385217?aff=erellivmlt&#8221; url_new_window=&#8221;on&#8221; _builder_version=&#8221;4.27.4&#8243; _module_preset=&#8221;default&#8221; global_colors_info=&#8221;{}&#8221;][\/et_pb_image][et_pb_text _builder_version=&#8221;4.27.4&#8243; _module_preset=&#8221;default&#8221; text_font=&#8221;|700|||||||&#8221; text_font_size=&#8221;39px&#8221; text_letter_spacing=&#8221;1px&#8221; text_line_height=&#8221;1.3em&#8221; text_orientation=&#8221;center&#8221; min_height=&#8221;43px&#8221; custom_margin=&#8221;||||false|false&#8221; custom_margin_tablet=&#8221;||||false|false&#8221; custom_margin_phone=&#8221;||||false|false&#8221; custom_margin_last_edited=&#8221;on|phone&#8221; custom_padding=&#8221;||||false|false&#8221; custom_padding_tablet=&#8221;||||false|false&#8221; custom_padding_phone=&#8221;||||false|false&#8221; custom_padding_last_edited=&#8221;on|phone&#8221; global_colors_info=&#8221;{}&#8221;]<\/p>\n<p>Wellness Y Glow Series<\/p>\n<p>[\/et_pb_text][et_pb_text _builder_version=&#8221;4.27.4&#8243; _module_preset=&#8221;default&#8221; text_font_size=&#8221;21px&#8221; text_line_height=&#8221;1.5em&#8221; min_height=&#8221;54px&#8221; custom_margin=&#8221;||14px|||&#8221; custom_padding=&#8221;||10px|||&#8221; global_colors_info=&#8221;{}&#8221;]<\/p>\n<div class=\"StructuredModuleRenderer_structuredContent__k7mNB StructuredModuleRenderer_text__GaXOv\" data-testid=\"text-content\">\n<div>\n<p><strong>Join us for Wellness Y Glow \u2014 a free, glow\u2011themed wellness series happening Wednesdays, April 1, 8, 15 &amp; 22 at 6 PM at Chula Vista Center!<\/strong><\/p>\n<p>Looking for<span>\u00a0<\/span><strong>wellness events in Chula Vista<\/strong>, relaxing mid\u2011week activities, or fun<span>\u00a0<\/span><strong>things to do in Chula Vista<\/strong>? Wellness Y Glow is the perfect way to move, breathe, and recharge. Hosted at our<span>\u00a0<\/span><strong>Chula Vista Center, between Macy\u2019s and Burlington<\/strong>, this four\u2011week series invites you to unwind with a guided wellness flow led by<span>\u00a0<\/span><strong>VIP Pilates<\/strong>.<\/p>\n<p>Enjoy a feel\u2011good mix of<span>\u00a0<\/span><strong>music, mindfulness, self\u2011care and glow elements<\/strong>. After class, participants will receive a<span>\u00a0<\/span><strong>complimentary refreshing smoothie<\/strong><span>\u00a0<\/span>\u2014 the perfect cool\u2011down treat.<\/p>\n<p>This event is ideal for anyone looking for a positive space to connect with others,<span>\u00a0<\/span><strong>free fitness events in Chula Vista<\/strong><strong><span>\u00a0<\/span><\/strong>and community wellness experiences. All levels are welcome \u2014 just bring a mat, wear something comfortable, and get ready to glow with us!<\/p>\n<p><strong>\ud83d\udccd Location:<\/strong><span>\u00a0<\/span>Chula Vista Center (between Macy\u2019s &amp; Burlington)<br \/><strong>\ud83d\uddd3 Dates:<\/strong><span>\u00a0<\/span>Wednesdays \u2014 April 1, 8, 15, 22<br \/><strong>\u23f0 Time:<\/strong><span>\u00a0<\/span>6:00 PM<br \/><strong>\ud83d\udc9c Cost:<\/strong><span>\u00a0<\/span>Free community event<\/p>\n<p>Come move, breathe, glow, and connect \u2014 see you on the mat!<\/p>\n<p>&nbsp;<\/p>\n<p><em><strong>\u00danete a Wellness Y Glow \u2014 una serie de bienestar gratuita y llena de energ\u00eda los mi\u00e9rcoles 1, 8, 15 y 22 de abril a las 6 PM en Chula Vista Center.<\/strong><\/em><\/p>\n<p><em>Si buscas\u00a0<strong>eventos de bienestar en Chula Vista<\/strong>, actividades relajantes entre semana o\u00a0<strong>cosas que hacer en Chula Vista<\/strong>, este evento es para ti. Wellness Y Glow se lleva a cabo al aire libre en\u00a0<strong>Chula Vista Center, entre Macy\u2019s y Burlington<\/strong>, y ofrece una sesi\u00f3n guiada de movimiento y bienestar impartida por\u00a0<strong>VIP Pilates<\/strong>.<\/em><\/p>\n<p><em>Disfruta de una combinaci\u00f3n de\u00a0<strong>m\u00fasica, atenci\u00f3n plena, autocuidado y elementos brillantes<\/strong>, creando un ambiente vibrante y positivo. Al finalizar la clase, los participantes recibir\u00e1n un\u00a0<strong>smoothie refrescante gratuito<\/strong>\u00a0\u2014 perfecto para cerrar la experiencia.<\/em><\/p>\n<p><em>Este evento es ideal para quienes buscan\u00a0<strong>eventos gratuitos en Chula Vista<\/strong>, actividades de fitness o un espacio para conectar con la comunidad. Todos los niveles son bienvenidos \u2014 solo trae tu tapete, ropa c\u00f3moda y muchas ganas de brillar.<\/em><\/p>\n<p><em><strong>\ud83d\udccd Ubicaci\u00f3n:<\/strong>\u00a0Chula Vista Center (entre Macy\u2019s y Burlington)<\/em><br \/><em><strong>\ud83d\uddd3 Fechas:<\/strong>\u00a0Mi\u00e9rcoles \u2014 1, 8, 15, 22 de abril<\/em><br \/><em><strong>\u23f0 Hora:<\/strong>\u00a06:00 PM<\/em><br \/><em><strong>\ud83d\udc9c Costo:<\/strong>\u00a0Evento gratuito para la comunidad<\/em><\/p>\n<p><em>\u00a1Ven a moverte, respirar, brillar y conectar \u2014 te esperamos en el mat!\u00a0<\/em><\/p>\n<p><a href=\"https:\/\/www.eventbrite.com\/e\/wellness-y-glow-tickets-1984484385217?aff=erellivmlt\">Wellness Y Glow Tickets, Multiple dates | Eventbrite<\/a><\/p>\n<\/div>\n<\/div>\n<p>[\/et_pb_text][\/et_pb_column][\/et_pb_row][et_pb_row _builder_version=&#8221;4.27.4&#8243; _module_preset=&#8221;default&#8221; global_colors_info=&#8221;{}&#8221;][et_pb_column type=&#8221;4_4&#8243; _builder_version=&#8221;4.27.4&#8243; _module_preset=&#8221;default&#8221; global_colors_info=&#8221;{}&#8221;][dipl_separator seprator_thickness=&#8221;6px&#8221; separator_color=&#8221;#C88BDA&#8221; _builder_version=&#8221;4.27.4&#8243; _module_preset=&#8221;default&#8221; global_colors_info=&#8221;{}&#8221;][\/dipl_separator][\/et_pb_column][\/et_pb_row][et_pb_row column_structure=&#8221;3_5,2_5&#8243; _builder_version=&#8221;4.27.4&#8243; _module_preset=&#8221;default&#8221; global_colors_info=&#8221;{}&#8221;][et_pb_column type=&#8221;3_5&#8243; _builder_version=&#8221;4.27.4&#8243; _module_preset=&#8221;default&#8221; global_colors_info=&#8221;{}&#8221;][et_pb_image src=&#8221;https:\/\/chulavistacenter.com\/wp-content\/uploads\/2026\/04\/Macys-Clinique-scaled.png&#8221; title_text=&#8221;Macy&#8217;s Clinique&#8221; _builder_version=&#8221;4.27.4&#8243; _module_preset=&#8221;default&#8221; global_colors_info=&#8221;{}&#8221;][\/et_pb_image][\/et_pb_column][et_pb_column type=&#8221;2_5&#8243; _builder_version=&#8221;4.27.4&#8243; _module_preset=&#8221;default&#8221; global_colors_info=&#8221;{}&#8221;][et_pb_divider color=&#8221;#C88BDA&#8221; divider_weight=&#8221;4px&#8221; _builder_version=&#8221;4.27.4&#8243; _module_preset=&#8221;default&#8221; custom_margin=&#8221;||3px|||&#8221; global_colors_info=&#8221;{}&#8221;][\/et_pb_divider][et_pb_text _builder_version=&#8221;4.27.4&#8243; _module_preset=&#8221;default&#8221; text_font=&#8221;|700|||||||&#8221; text_font_size=&#8221;28px&#8221; text_line_height=&#8221;1.3em&#8221; custom_margin=&#8221;||15px|||&#8221; global_colors_info=&#8221;{}&#8221;]<\/p>\n<p>Skin Refresher Spa Event<br \/>Clinique<\/p>\n<p>[\/et_pb_text][et_pb_text _builder_version=&#8221;4.27.4&#8243; _module_preset=&#8221;default&#8221; text_font=&#8221;|300|||||||&#8221; text_font_size=&#8221;20px&#8221; text_line_height=&#8221;1.3em&#8221; custom_margin=&#8221;||14px|||&#8221; global_colors_info=&#8221;{}&#8221;]<\/p>\n<p>Enjoy treatments done by Accredited Consultants<\/p>\n<p>[\/et_pb_text][et_pb_text _builder_version=&#8221;4.27.4&#8243; _module_preset=&#8221;default&#8221; text_font=&#8221;|700|||||||&#8221; text_font_size=&#8221;20px&#8221; text_line_height=&#8221;1.3em&#8221; custom_margin=&#8221;||15px|||&#8221; global_colors_info=&#8221;{}&#8221;]<\/p>\n<p>April 11-12th<br \/>11:00 am &#8211; 5 pm<br \/>Macy&#8217;s &#8211; Chula Vista<\/p>\n<p>[\/et_pb_text][et_pb_text _builder_version=&#8221;4.27.4&#8243; _module_preset=&#8221;default&#8221; text_font=&#8221;|300|||||||&#8221; text_font_size=&#8221;20px&#8221; text_line_height=&#8221;1.3em&#8221; custom_margin=&#8221;||19px|||&#8221; global_colors_info=&#8221;{}&#8221;]<\/p>\n<p>\u2022 Cleansing<br \/>\u2022 Exfoliation<br \/>\u2022 Moisturizing<\/p>\n<p>[\/et_pb_text][et_pb_text _builder_version=&#8221;4.27.4&#8243; _module_preset=&#8221;default&#8221; text_font=&#8221;|300|||||||&#8221; text_font_size=&#8221;20px&#8221; text_line_height=&#8221;1.3em&#8221; custom_margin=&#8221;||14px|||&#8221; global_colors_info=&#8221;{}&#8221;]<\/p>\n<p><strong>Clinique Phone Number:<\/strong><br \/>(619) 427-1161<br \/>Extension: 2324<\/p>\n<p>[\/et_pb_text][et_pb_text _builder_version=&#8221;4.27.4&#8243; _module_preset=&#8221;default&#8221; text_font=&#8221;|300|||||||&#8221; text_font_size=&#8221;20px&#8221; text_line_height=&#8221;1.3em&#8221; global_colors_info=&#8221;{}&#8221;]<\/p>\n<p>Please stop by and see a Clinique Consultant to find out how to qualify for your appointment.<\/p>\n<p>[\/et_pb_text][et_pb_divider color=&#8221;#C88BDA&#8221; divider_weight=&#8221;4px&#8221; _builder_version=&#8221;4.27.4&#8243; _module_preset=&#8221;default&#8221; custom_margin=&#8221;||10px|||&#8221; custom_padding=&#8221;||0px|||&#8221; global_colors_info=&#8221;{}&#8221;][\/et_pb_divider][et_pb_text _builder_version=&#8221;4.27.4&#8243; _module_preset=&#8221;default&#8221; text_font=&#8221;|700|||||||&#8221; text_font_size=&#8221;28px&#8221; text_line_height=&#8221;1.3em&#8221; custom_margin=&#8221;-7px||15px|||&#8221; custom_padding=&#8221;0px|||||&#8221; global_colors_info=&#8221;{}&#8221;]<\/p>\n<p>Evento de Spa para el Refrescamiento de la Piel<br \/>Clinique<\/p>\n<p>[\/et_pb_text][et_pb_text _builder_version=&#8221;4.27.4&#8243; _module_preset=&#8221;default&#8221; text_font=&#8221;|300|||||||&#8221; text_font_size=&#8221;20px&#8221; text_line_height=&#8221;1.3em&#8221; custom_margin=&#8221;||14px|||&#8221; global_colors_info=&#8221;{}&#8221;]<\/p>\n<p>Disfrute de tratamientos realizados por consultores acreditados<\/p>\n<p>[\/et_pb_text][et_pb_text _builder_version=&#8221;4.27.4&#8243; _module_preset=&#8221;default&#8221; text_font=&#8221;|700|||||||&#8221; text_font_size=&#8221;20px&#8221; text_line_height=&#8221;1.3em&#8221; custom_margin=&#8221;||15px|||&#8221; global_colors_info=&#8221;{}&#8221;]<\/p>\n<p>11 y 12 de abril<br \/>11:00 am &#8211; 5 pm<br \/>Macy&#8217;s &#8211; Chula Vista<\/p>\n<p>[\/et_pb_text][et_pb_text _builder_version=&#8221;4.27.4&#8243; _module_preset=&#8221;default&#8221; text_font=&#8221;|300|||||||&#8221; text_font_size=&#8221;20px&#8221; text_line_height=&#8221;1.3em&#8221; custom_margin=&#8221;||19px|||&#8221; global_colors_info=&#8221;{}&#8221;]<\/p>\n<p>\u2022 Limpieza<br \/>\u2022 Exfoliaci\u00f3n<br \/>\u2022 Hidrataci\u00f3n<\/p>\n<p>[\/et_pb_text][et_pb_text _builder_version=&#8221;4.27.4&#8243; _module_preset=&#8221;default&#8221; text_font=&#8221;|300|||||||&#8221; text_font_size=&#8221;20px&#8221; text_line_height=&#8221;1.3em&#8221; custom_margin=&#8221;||14px|||&#8221; global_colors_info=&#8221;{}&#8221;]<\/p>\n<p><strong>N\u00famero de tel\u00e9fono de Clinique:<\/strong><br \/>(619) 427-1161<br \/>Extensi\u00f3n: 2324<\/p>\n<p>[\/et_pb_text][et_pb_text _builder_version=&#8221;4.27.4&#8243; _module_preset=&#8221;default&#8221; text_font=&#8221;|300|||||||&#8221; text_font_size=&#8221;20px&#8221; text_line_height=&#8221;1.3em&#8221; global_colors_info=&#8221;{}&#8221;]<\/p>\n<p>Por favor, ac\u00e9rquese a una consultora de Clinique para averiguar c\u00f3mo puede optar a su cita.<\/p>\n<p>[\/et_pb_text][\/et_pb_column][\/et_pb_row][et_pb_row _builder_version=&#8221;4.27.4&#8243; _module_preset=&#8221;default&#8221; global_colors_info=&#8221;{}&#8221;][et_pb_column type=&#8221;4_4&#8243; _builder_version=&#8221;4.27.4&#8243; _module_preset=&#8221;default&#8221; global_colors_info=&#8221;{}&#8221;][dipl_separator seprator_thickness=&#8221;6px&#8221; separator_color=&#8221;#C88BDA&#8221; _builder_version=&#8221;4.27.4&#8243; _module_preset=&#8221;default&#8221; global_colors_info=&#8221;{}&#8221;][\/dipl_separator][\/et_pb_column][\/et_pb_row][et_pb_row column_structure=&#8221;3_5,2_5&#8243; _builder_version=&#8221;4.27.4&#8243; _module_preset=&#8221;default&#8221; global_colors_info=&#8221;{}&#8221;][et_pb_column type=&#8221;3_5&#8243; _builder_version=&#8221;4.27.4&#8243; _module_preset=&#8221;default&#8221; global_colors_info=&#8221;{}&#8221;][et_pb_image src=&#8221;https:\/\/chulavistacenter.com\/wp-content\/uploads\/2026\/04\/CVC-COE-2026-april-8-scaled.png&#8221; title_text=&#8221;CVC COE 2026 &#8211; april 8&#8243; _builder_version=&#8221;4.27.4&#8243; _module_preset=&#8221;default&#8221; hover_enabled=&#8221;0&#8243; global_colors_info=&#8221;{}&#8221; sticky_enabled=&#8221;0&#8243;][\/et_pb_image][et_pb_text _builder_version=&#8221;4.27.4&#8243; _module_preset=&#8221;default&#8221; text_font_size=&#8221;18px&#8221; text_line_height=&#8221;1.2em&#8221; hover_enabled=&#8221;0&#8243; sticky_enabled=&#8221;0&#8243;]<\/p>\n<p style=\"text-align: center;\"><strong>www.chulavistacenter.com<\/strong><\/p>\n<p style=\"text-align: center;\"><strong>Instagram: @visitchulavistacenter<\/strong><\/p>\n<p style=\"text-align: center;\"><strong>Facebook: @chulavistacenter<\/strong><\/p>\n<p>[\/et_pb_text][\/et_pb_column][et_pb_column type=&#8221;2_5&#8243; _builder_version=&#8221;4.27.4&#8243; _module_preset=&#8221;default&#8221; global_colors_info=&#8221;{}&#8221;][et_pb_divider color=&#8221;#C88BDA&#8221; divider_weight=&#8221;4px&#8221; _builder_version=&#8221;4.27.4&#8243; _module_preset=&#8221;default&#8221; custom_margin=&#8221;||3px|||&#8221; global_colors_info=&#8221;{}&#8221;][\/et_pb_divider][et_pb_text _builder_version=&#8221;4.27.4&#8243; _module_preset=&#8221;default&#8221; text_font=&#8221;|300|||||||&#8221; text_font_size=&#8221;28px&#8221; text_line_height=&#8221;1.2em&#8221; custom_margin=&#8221;||15px|||&#8221; hover_enabled=&#8221;0&#8243; global_colors_info=&#8221;{}&#8221; sticky_enabled=&#8221;0&#8243;]<\/p>\n<p><strong>CHULA VISTA CENTER<\/strong><br \/><span class=\"Apple-converted-space\"><\/span>2026 Events Calendar<br \/>Eventos Calendario 2026<\/p>\n<p>[\/et_pb_text][et_pb_text _builder_version=&#8221;4.27.4&#8243; _module_preset=&#8221;default&#8221; text_font=&#8221;|300|||||||&#8221; text_font_size=&#8221;16px&#8221; text_line_height=&#8221;1.3em&#8221; custom_margin=&#8221;||14px|||&#8221; hover_enabled=&#8221;0&#8243; global_colors_info=&#8221;{}&#8221; sticky_enabled=&#8221;0&#8243;]<\/p>\n<p><strong>MARCH 26 | MARZO 26<\/strong><br \/><strong>PAINT &amp; SIP | PINTAR Y BRINDAR<\/strong><br \/>Artistic Interactive Activity | Actividade Interactiva de Arte<\/p>\n<p><strong>APRIL 1, 8, 15, 22 | ABRIL 1, 8, 15, 22<\/strong><br \/><strong>WELLNESS Y GLOW SERIES | SERIE DE WELLNESS Y GLOW<\/strong><span class=\"Apple-converted-space\"><br \/><\/span>Wellness Experience &amp; More | Experiencias de Bienestar Interactivas y M\u00e1s<\/p>\n<p><strong>MAY 9 | MAYO 9<\/strong><br \/><strong>MOTHER&#8217;S DAY CELEBRATION | MAMA CON CARINO<\/strong><br \/>Workshops, Activities &amp; More | Talleres, Actividades y M\u00e1s<\/p>\n<p><strong>JUNE 7, 14, 21, 28 | JUNIO 7, 14, 21, 28<\/strong><br \/><strong>ART WORKSHOPS | TALLERES DE ARTE<span class=\"Apple-converted-space\"><br \/><\/span><\/strong>Artistic Interactive Activities | Actividades Interactivas de Arte<\/p>\n<p><strong>JULY 15 | JULIO 15<\/strong><br \/><strong>SCHOOL READY | LISTOS PARA LA ESCUELA<\/strong><br \/>Interactive Activities &amp; More | Actividades Interactivas y M\u00e1s<\/p>\n<p><strong>AUGUST 14 | AGOSTO 14<\/strong><br \/><strong>SUMMER CELEBRATION | CELEBRANDO VERANO<\/strong><br \/>Music, Interactive Activities &amp; More | Musica, Actividades Interactivas y M\u00e1s<\/p>\n<p><strong>OCTOBER 9 | OCTUBRE 9<\/strong><br \/><strong>EL AFTER LIFE 2 EXHIBITION OPENING CELEBRATION<\/strong><br \/>Art Exhibitions, Live Music | Exposici\u00f3n de Arte y Musica en Vivo<\/p>\n<p><strong>NOVEMBER 1, 20 | NOVIEMBRE 1, 20<\/strong><br \/><strong>DAY OF THE DEAD &amp; TURKEY GIVEAWAY | DIA DE LOS MUERTOS &amp; REPARTO DE PAVOS<\/strong><br \/>Music, Interactive Activities &amp; Giveaways | Musica, Actividades Interactivas y Regalos<\/p>\n<p><strong>DECEMBER 12 | DICIEMBRE 12<\/strong><br \/><strong>CHRISTMAS POSADA | GRAND POSADA<\/strong><br \/>Toy Giveaway, Santa Claus, Activities &amp; More | Reparto de Juguetes, Santa Claus, Actividades Interactivas y M\u00e1s<\/p>\n<p>[\/et_pb_text][\/et_pb_column][\/et_pb_row][et_pb_row _builder_version=&#8221;4.27.4&#8243; _module_preset=&#8221;default&#8221; custom_margin=&#8221;-11px|auto||auto||&#8221; global_colors_info=&#8221;{}&#8221;][et_pb_column type=&#8221;4_4&#8243; _builder_version=&#8221;4.27.4&#8243; _module_preset=&#8221;default&#8221; global_colors_info=&#8221;{}&#8221;][dipl_separator seprator_thickness=&#8221;6px&#8221; separator_color=&#8221;#C88BDA&#8221; _builder_version=&#8221;4.27.4&#8243; _module_preset=&#8221;default&#8221; global_colors_info=&#8221;{}&#8221;][\/dipl_separator][\/et_pb_column][\/et_pb_row][et_pb_row column_structure=&#8221;1_2,1_2&#8243; _builder_version=&#8221;4.27.4&#8243; _module_preset=&#8221;default&#8221; global_colors_info=&#8221;{}&#8221;][et_pb_column type=&#8221;1_2&#8243; _builder_version=&#8221;4.27.4&#8243; _module_preset=&#8221;default&#8221; global_colors_info=&#8221;{}&#8221;][dipl_separator separator_color=&#8221;#C88BDA&#8221; _builder_version=&#8221;4.27.4&#8243; _module_preset=&#8221;default&#8221; global_colors_info=&#8221;{}&#8221;][\/dipl_separator][et_pb_text _builder_version=&#8221;4.27.4&#8243; _module_preset=&#8221;default&#8221; text_font=&#8221;Figtree||||||||&#8221; text_font_size=&#8221;24px&#8221; text_line_height=&#8221;1.4em&#8221; global_colors_info=&#8221;{}&#8221;]<\/p>\n<p><span style=\"font-size: 24px;\">As one of the top destinations for Chula Vista events, Chula Vista restaurants and <\/span><strong style=\"font-size: 24px;\">things to do in Chula Vista<\/strong><span style=\"font-size: 24px;\">, our center is home to year\u2011round activities that bring families, neighbors, and visitors together for unforgettable experiences. From cultural celebrations and live entertainment to wellness classes, art workshops, and festivals, there\u2019s always something happening here.<\/span><\/p>\n<div>\n<p>Our calendar is packed with free <strong>family events in Chula Vista, <\/strong>where you can enjoy local performances, free kids\u2019 activities, holiday celebrations, and experiences that highlight the vibrant spirit of our city.<\/p>\n<\/div>\n<p>[\/et_pb_text][dipl_separator separator_color=&#8221;#C88BDA&#8221; _builder_version=&#8221;4.27.4&#8243; _module_preset=&#8221;default&#8221; global_colors_info=&#8221;{}&#8221;][\/dipl_separator][et_pb_text _builder_version=&#8221;4.27.4&#8243; _module_preset=&#8221;default&#8221; text_font=&#8221;Figtree||||||||&#8221; text_font_size=&#8221;24px&#8221; text_line_height=&#8221;1.4em&#8221; custom_margin=&#8221;||26px|||&#8221; custom_padding=&#8221;||0px|||&#8221; global_colors_info=&#8221;{}&#8221;]<\/p>\n<p><em style=\"font-size: 24px;\"><strong>Como uno de los principales destinos para eventos en Chula Vista, restaurantes en Chula Vista y cosas que hacer en Chula Vista, nuestro centro ofrece actividades durante todo el a\u00f1o que re\u00fanen a familias, vecinos y visitantes para vivir experiencias inolvidables. Desde celebraciones culturales y entretenimiento en vivo hasta clases de bienestar, talleres de arte y festivales, siempre hay algo sucediendo aqu\u00ed. <\/strong><\/em><em style=\"font-size: 24px;\"><strong>Nuestro calendario est\u00e1 lleno de eventos familiares gratuitos en Chula Vista, donde podr\u00e1s disfrutar de presentaciones locales, actividades gratuitas para ni\u00f1os, celebraciones festivas y experiencias que destacan el esp\u00edritu vibrante de nuestra ciudad.<\/strong><\/em><\/p>\n<p>[\/et_pb_text][dipl_separator separator_color=&#8221;#C88BDA&#8221; _builder_version=&#8221;4.27.4&#8243; _module_preset=&#8221;default&#8221; min_height=&#8221;0px&#8221; global_colors_info=&#8221;{}&#8221;][\/dipl_separator][\/et_pb_column][et_pb_column type=&#8221;1_2&#8243; _builder_version=&#8221;4.27.4&#8243; _module_preset=&#8221;default&#8221; global_colors_info=&#8221;{}&#8221;][et_pb_image src=&#8221;https:\/\/chulavistacenter.com\/wp-content\/uploads\/2026\/01\/Upscaled_Fembot_Leader_FaceCVC_Newsletter_ElAfterLife_1-topaz-upscale-4x-scaled.jpeg&#8221; title_text=&#8221;Upscaled_Fembot_Leader_FaceCVC_Newsletter_ElAfterLife_1-topaz-upscale-4x&#8221; show_bottom_space=&#8221;off&#8221; _builder_version=&#8221;4.27.4&#8243; _module_preset=&#8221;default&#8221; max_height=&#8221;1000px&#8221; custom_margin=&#8221;||-230px||false|false&#8221; custom_padding=&#8221;|||0px|false|false&#8221; global_colors_info=&#8221;{}&#8221;][\/et_pb_image][\/et_pb_column][\/et_pb_row][et_pb_row _builder_version=&#8221;4.27.4&#8243; _module_preset=&#8221;default&#8221; global_colors_info=&#8221;{}&#8221;][et_pb_column type=&#8221;4_4&#8243; _builder_version=&#8221;4.27.4&#8243; _module_preset=&#8221;default&#8221; global_colors_info=&#8221;{}&#8221;][et_pb_text _builder_version=&#8221;4.27.4&#8243; _module_preset=&#8221;default&#8221; header_font_size=&#8221;40px&#8221; custom_padding=&#8221;||5px|||&#8221; global_colors_info=&#8221;{}&#8221;]<\/p>\n<h1><\/h1>\n<h1><\/h1>\n<h1><\/h1>\n<h1><\/h1>\n<h1><\/h1>\n<h1><\/h1>\n<h1><\/h1>\n<h1><\/h1>\n<h1><\/h1>\n<h1><\/h1>\n<h1><\/h1>\n<h1><\/h1>\n<h1><\/h1>\n<h1><\/h1>\n<h1><\/h1>\n<h1><\/h1>\n<h1><\/h1>\n<h1><\/h1>\n<h1><\/h1>\n<h1>Eventos Pasados\u00a0<\/h1>\n<p>&nbsp;<\/p>\n<p>&nbsp;<\/p>\n<h1><em>Eventos Pasados<\/em><\/h1>\n<div>\n<div><\/div>\n<\/div>\n<p>[\/et_pb_text][et_pb_image src=&#8221;https:\/\/chulavistacenter.com\/wp-content\/uploads\/2026\/01\/ChulaVistaCenter-PastEvents-v1-scaled.jpg&#8221; title_text=&#8221;ChulaVistaCenter-PastEvents-v1&#8243; _builder_version=&#8221;4.27.4&#8243; _module_preset=&#8221;default&#8221; global_colors_info=&#8221;{}&#8221;][\/et_pb_image][\/et_pb_column][\/et_pb_row][et_pb_row column_structure=&#8221;1_2,1_2&#8243; disabled_on=&#8221;on|on|on&#8221; _builder_version=&#8221;4.27.4&#8243; _module_preset=&#8221;default&#8221; disabled=&#8221;on&#8221; global_colors_info=&#8221;{}&#8221;][et_pb_column type=&#8221;1_2&#8243; _builder_version=&#8221;4.27.4&#8243; _module_preset=&#8221;default&#8221; global_colors_info=&#8221;{}&#8221;][et_pb_image src=&#8221;https:\/\/chulavistacenter.com\/wp-content\/uploads\/2025\/12\/251121_CVC_Gran_Posada_Landing_Page_Banner_Mobile_v1.3.jpg&#8221; title_text=&#8221;251121_CVC_Gran_Posada_Landing_Page_Banner_Mobile_v1.3&#8243; url_new_window=&#8221;on&#8221; _builder_version=&#8221;4.27.4&#8243; _module_preset=&#8221;default&#8221; global_colors_info=&#8221;{}&#8221;][\/et_pb_image][\/et_pb_column][et_pb_column type=&#8221;1_2&#8243; _builder_version=&#8221;4.27.4&#8243; _module_preset=&#8221;default&#8221; global_colors_info=&#8221;{}&#8221;][et_pb_text _builder_version=&#8221;4.27.4&#8243; _module_preset=&#8221;default&#8221; global_colors_info=&#8221;{}&#8221;]<\/p>\n<p>CHULA VISTA CENTER<\/p>\n<h1><\/h1>\n<h1>Grand Posada\u00a0<\/h1>\n<p>[\/et_pb_text][dipl_separator separator_color=&#8221;#8300E9&#8243; _builder_version=&#8221;4.27.4&#8243; _module_preset=&#8221;default&#8221; global_colors_info=&#8221;{}&#8221;][\/dipl_separator][et_pb_text _builder_version=&#8221;4.27.4&#8243; _module_preset=&#8221;default&#8221; custom_margin=&#8221;||25px|||&#8221; global_colors_info=&#8221;{}&#8221;]<\/p>\n<h3>\u00a0Sunday, December 21, 2025 | 3-6pm<\/h3>\n<h3><\/h3>\n<p>[\/et_pb_text][dipl_separator separator_color=&#8221;#8300E9&#8243; _builder_version=&#8221;4.27.4&#8243; _module_preset=&#8221;default&#8221; global_colors_info=&#8221;{}&#8221;][\/dipl_separator][et_pb_text _builder_version=&#8221;4.27.4&#8243; _module_preset=&#8221;default&#8221; custom_margin=&#8221;||3px|||&#8221; custom_padding=&#8221;||14px|||&#8221; global_colors_info=&#8221;{}&#8221;]<\/p>\n<p>SOBRE EL EVENTO<\/p>\n<div class=\"undefined\">\n<div class=\"summary\">Grand Posada 2025 \u2014 a free, family-friendly holiday celebration at Chula Vista Center larger than life!<span style=\"font-size: 14px;\">\u00a0<\/span><span style=\"font-size: 14px;\">This Posada brings together the magic of the holiday season with the warmth of our community. Experience large-scale art installations, hands-on workshops, live performances, folklorico, Santa photos, an artisan market and a cultural exhibition.<\/span><\/div>\n<div class=\"summary\"><span style=\"font-size: 14px;\">\u00a0<\/span><\/div>\n<\/div>\n<div class=\"structured-content-rich-text\">\n<div class=\"eds-text--left\">\n<h3><strong>\ud83c\udf81 1,000+ Toy Giveaway<\/strong><\/h3>\n<p>A highlight of the event \u2014 families are invited to receive free toys while supplies last.<span>\u00a0<\/span><\/p>\n<p>Saturday, December 21, 2025<span>\u00a0<\/span><strong>Time:<\/strong><span>\u00a0<\/span>3:00 PM \u2013 6:00 PM<span>\u00a0<\/span><strong>Location:<\/strong><span>\u00a0<\/span>Chula Vista Center (between Macy\u2019s &amp; Burlington)<span>\u00a0<\/span><strong>Admission:<\/strong><span>\u00a0<\/span>FREE &amp; open to all ages<\/p>\n<p>Bring your family, your friends, and your comunidad. Let\u2019s gather, gift, and celebrate \u2014 together.<\/p>\n<\/div>\n<\/div>\n<p>[\/et_pb_text][et_pb_text _builder_version=&#8221;4.27.4&#8243; _module_preset=&#8221;default&#8221; custom_padding=&#8221;11px|||||&#8221; link_option_url=&#8221;https:\/\/instagram.com\/visitchulavistacenter&#8221; link_option_url_new_window=&#8221;on&#8221; global_colors_info=&#8221;{}&#8221;]<\/p>\n<div><span lang=\"EN\">S\u00cdGANOS<br \/>https:\/\/instagram.com\/visitchulavistacenter<\/span><\/div>\n<div><\/div>\n<p>[\/et_pb_text][\/et_pb_column][\/et_pb_row][et_pb_row column_structure=&#8221;1_2,1_2&#8243; disabled_on=&#8221;on|on|on&#8221; _builder_version=&#8221;4.27.4&#8243; _module_preset=&#8221;default&#8221; disabled=&#8221;on&#8221; global_colors_info=&#8221;{}&#8221;][et_pb_column type=&#8221;1_2&#8243; _builder_version=&#8221;4.27.4&#8243; _module_preset=&#8221;default&#8221; global_colors_info=&#8221;{}&#8221;][et_pb_image src=&#8221;https:\/\/chulavistacenter.com\/wp-content\/uploads\/2025\/11\/LR-Xmas-tree-lighting.jpg&#8221; title_text=&#8221;LR Xmas tree lighting&#8221; url_new_window=&#8221;on&#8221; _builder_version=&#8221;4.27.4&#8243; _module_preset=&#8221;default&#8221; global_colors_info=&#8221;{}&#8221;][\/et_pb_image][\/et_pb_column][et_pb_column type=&#8221;1_2&#8243; _builder_version=&#8221;4.27.4&#8243; _module_preset=&#8221;default&#8221; global_colors_info=&#8221;{}&#8221;][et_pb_text _builder_version=&#8221;4.27.4&#8243; _module_preset=&#8221;default&#8221; global_colors_info=&#8221;{}&#8221;]<\/p>\n<p>CHULA VISTA CENTER<\/p>\n<h1><\/h1>\n<h1>La Ceremonia de Encendido del \u00c1rbol de Navidad<\/h1>\n<p>[\/et_pb_text][dipl_separator separator_color=&#8221;#8300E9&#8243; _builder_version=&#8221;4.27.4&#8243; _module_preset=&#8221;default&#8221; global_colors_info=&#8221;{}&#8221;][\/dipl_separator][et_pb_text _builder_version=&#8221;4.27.4&#8243; _module_preset=&#8221;default&#8221; custom_margin=&#8221;||25px|||&#8221; global_colors_info=&#8221;{}&#8221;]<\/p>\n<h3>S\u00e1bado, 29 de noviembre de 2025 | 3-6pm<\/h3>\n<h3>Chula Vista Center<\/h3>\n<h3>555 Broadway Suite 1021, Chula Vista, CA 91910<\/h3>\n<p>[\/et_pb_text][dipl_separator separator_color=&#8221;#8300E9&#8243; _builder_version=&#8221;4.27.4&#8243; _module_preset=&#8221;default&#8221; global_colors_info=&#8221;{}&#8221;][\/dipl_separator][et_pb_text _builder_version=&#8221;4.27.4&#8243; _module_preset=&#8221;default&#8221; custom_margin=&#8221;||3px|||&#8221; custom_padding=&#8221;||14px|||&#8221; global_colors_info=&#8221;{}&#8221;]<\/p>\n<p>SOBRE EL EVENTO<br \/>\u00a1Celebra la magia de la temporada en la <strong>Ceremonia de Encendido del \u00c1rbol de Navidad en Chula Vista Center!<\/strong> Este <strong>evento GRATUITO y familiar re\u00fane<\/strong> a la comunidad para una tarde inolvidable llena de alegr\u00eda navide\u00f1a.<\/p>\n<p>[\/et_pb_text][et_pb_text _builder_version=&#8221;4.27.4&#8243; _module_preset=&#8221;default&#8221; custom_margin=&#8221;||3px|||&#8221; custom_padding=&#8221;0px|||||&#8221; global_colors_info=&#8221;{}&#8221;]<\/p>\n<p>QU\u00c9 ESPERAR<\/p>\n<ul>\n<li><strong>Encendido del \u00c1rbol<\/strong> \u2013 Disfruta el momento m\u00e1gico cuando iluminamos el \u00e1rbol de Navidad<\/li>\n<li><strong>Presentaciones en Vivo<\/strong> \u2013 M\u00fasica vibrante de Mariachi<\/li>\n<li><strong>Actividades para Ni\u00f1os<\/strong> \u2013 Diversi\u00f3n creativa para los m\u00e1s peque\u00f1os<\/li>\n<li><strong>Vendedores Locales y Compras Navide\u00f1as<\/strong> \u2013 Encuentra regalos \u00fanicos y deliciosos antojos<\/li>\n<\/ul>\n<p>[\/et_pb_text][et_pb_text _builder_version=&#8221;4.27.4&#8243; _module_preset=&#8221;default&#8221; custom_margin=&#8221;||3px|||&#8221; custom_padding=&#8221;0px||9px|||&#8221; global_colors_info=&#8221;{}&#8221;]<\/p>\n<p>ADMISI\u00d3N<\/p>\n<div><b><span lang=\"EN\">RATIS y abierto para todas las edades <\/span><\/b>\u2014<br \/><em><span style=\"text-decoration: underline;\"><\/span><\/em><\/div>\n<div><\/div>\n<p>[\/et_pb_text][et_pb_text _builder_version=&#8221;4.27.4&#8243; _module_preset=&#8221;default&#8221; custom_margin=&#8221;||3px|||&#8221; custom_padding=&#8221;0px||9px|||&#8221; global_colors_info=&#8221;{}&#8221;]<\/p>\n<p>\u00a1Trae a tu familia y amigos para vivir la calidez de las fiestas con m\u00fasica, cultura y esp\u00edritu comunitario!<\/p>\n<div><em><span style=\"text-decoration: underline;\"><\/span><\/em><\/div>\n<div><\/div>\n<p>[\/et_pb_text][et_pb_text _builder_version=&#8221;4.27.4&#8243; _module_preset=&#8221;default&#8221; custom_padding=&#8221;11px|||||&#8221; link_option_url=&#8221;https:\/\/instagram.com\/visitchulavistacenter&#8221; link_option_url_new_window=&#8221;on&#8221; global_colors_info=&#8221;{}&#8221;]<\/p>\n<div><span lang=\"EN\">S\u00cdGANOS<br \/>https:\/\/instagram.com\/visitchulavistacenter<\/span><\/div>\n<div><\/div>\n<p>[\/et_pb_text][\/et_pb_column][\/et_pb_row][et_pb_row column_structure=&#8221;1_2,1_2&#8243; disabled_on=&#8221;on|on|on&#8221; _builder_version=&#8221;4.27.4&#8243; _module_preset=&#8221;default&#8221; disabled=&#8221;on&#8221; global_colors_info=&#8221;{}&#8221;][et_pb_column type=&#8221;1_2&#8243; _builder_version=&#8221;4.27.4&#8243; _module_preset=&#8221;default&#8221; global_colors_info=&#8221;{}&#8221;][et_pb_image src=&#8221;https:\/\/chulavistacenter.com\/wp-content\/uploads\/2025\/11\/Upscaled_Fembot_Leader_Facemobile-400&#215;600-topaz-upscale-4x.jpeg&#8221; title_text=&#8221;Upscaled_Fembot_Leader_Facemobile 400&#215;600-topaz-upscale-4x&#8221; url_new_window=&#8221;on&#8221; _builder_version=&#8221;4.27.4&#8243; _module_preset=&#8221;default&#8221; global_colors_info=&#8221;{}&#8221;][\/et_pb_image][\/et_pb_column][et_pb_column type=&#8221;1_2&#8243; _builder_version=&#8221;4.27.4&#8243; _module_preset=&#8221;default&#8221; global_colors_info=&#8221;{}&#8221;][et_pb_text _builder_version=&#8221;4.27.4&#8243; _module_preset=&#8221;default&#8221; global_colors_info=&#8221;{}&#8221;]<\/p>\n<p>CHULA VISTA CENTER Y VIP PILATES<\/p>\n<h1><\/h1>\n<h1>Pilates Y Glow<\/h1>\n<h1>Una Experiencia de Bienestar para-Latinas<\/h1>\n<p>[\/et_pb_text][dipl_separator separator_color=&#8221;#8300E9&#8243; _builder_version=&#8221;4.27.4&#8243; _module_preset=&#8221;default&#8221; global_colors_info=&#8221;{}&#8221;][\/dipl_separator][et_pb_text _builder_version=&#8221;4.27.4&#8243; _module_preset=&#8221;default&#8221; global_colors_info=&#8221;{}&#8221;]<\/p>\n<h3>S\u00e1bado, 15 de noviembre de 2025 | 10-11am<\/h3>\n<h3>Chula Vista Center<\/h3>\n<h3>555 Broadway Suite 1021, Chula Vista, CA 91910<\/h3>\n<p>[\/et_pb_text][dipl_separator separator_color=&#8221;#8300E9&#8243; _builder_version=&#8221;4.27.4&#8243; _module_preset=&#8221;default&#8221; global_colors_info=&#8221;{}&#8221;][\/dipl_separator][et_pb_text _builder_version=&#8221;4.27.4&#8243; _module_preset=&#8221;default&#8221; custom_margin=&#8221;||3px|||&#8221; custom_padding=&#8221;||14px|||&#8221; global_colors_info=&#8221;{}&#8221;]<\/p>\n<p>SOBRE EL EVENTO<br \/><span>\u00danete a nosotros para <\/span><b>Pilates Y Glow<\/b><span>, un evento de bienestar dise\u00f1ado para elevar, empoderar y celebrar la belleza de las Latinas en nuestra comunidad. Dirigido por <\/span><b>Sabrina Escobedo <\/b>de<b> VIP Pilates<\/b><span>, esta experiencia gratuita combina movimiento, atenci\u00f3n plean y autocuidado!<br \/><\/span><strong>Let\u2019s move, relax, and connect with other amazing women!<\/strong><\/p>\n<p>[\/et_pb_text][et_pb_text _builder_version=&#8221;4.27.4&#8243; _module_preset=&#8221;default&#8221; custom_padding=&#8221;11px|||||&#8221; link_option_url=&#8221;https:\/\/instagram.com\/visitchulavistacenter&#8221; link_option_url_new_window=&#8221;on&#8221; global_colors_info=&#8221;{}&#8221;]<\/p>\n<div><span lang=\"EN\">S\u00cdGANOS<br \/>https:\/\/instagram.com\/visitchulavistacenter<\/span><\/div>\n<div><\/div>\n<p>[\/et_pb_text][\/et_pb_column][\/et_pb_row][et_pb_row column_structure=&#8221;1_2,1_2&#8243; disabled_on=&#8221;on|on|on&#8221; _builder_version=&#8221;4.27.4&#8243; _module_preset=&#8221;default&#8221; disabled=&#8221;on&#8221; global_colors_info=&#8221;{}&#8221;][et_pb_column type=&#8221;1_2&#8243; _builder_version=&#8221;4.27.4&#8243; _module_preset=&#8221;default&#8221; global_colors_info=&#8221;{}&#8221;][et_pb_image src=&#8221;https:\/\/chulavistacenter.com\/wp-content\/uploads\/2025\/10\/CVC_El_After_Poster_v1.2.jpg&#8221; title_text=&#8221;CVC_El_After_Poster_v1.2&#8243; url_new_window=&#8221;on&#8221; _builder_version=&#8221;4.27.4&#8243; _module_preset=&#8221;default&#8221; global_colors_info=&#8221;{}&#8221;][\/et_pb_image][et_pb_text _builder_version=&#8221;4.27.4&#8243; _module_preset=&#8221;default&#8221; global_colors_info=&#8221;{}&#8221;]<\/p>\n<h2 style=\"font-weight: 400;\"><strong>JOIN THE COMMUNAL ALTER<\/strong><\/h2>\n<h4 style=\"font-weight: 400;\"><span>Honor your loved ones as part of <strong><em>El After Life<\/em><\/strong><\/span><\/h4>\n<p><span style=\"font-weight: 400;\">Submit a photo of a loved one to be included in our Community Altar at Chula Vista Center. We will print and frame your photo as part of this year\u2019s D\u00eda de los Muertos celebration.<\/span><\/p>\n<p>[\/et_pb_text][et_pb_button button_url=&#8221;https:\/\/forms.monday.com\/forms\/f7c794d33d1524ce597f2b9391927772?r=use1&#8243; button_text=&#8221;Click Here for To Submit Your Photos&#8221; _builder_version=&#8221;4.27.4&#8243; _module_preset=&#8221;default&#8221; global_colors_info=&#8221;{}&#8221;][\/et_pb_button][\/et_pb_column][et_pb_column type=&#8221;1_2&#8243; _builder_version=&#8221;4.27.4&#8243; _module_preset=&#8221;default&#8221; global_colors_info=&#8221;{}&#8221;][et_pb_text _builder_version=&#8221;4.27.4&#8243; _module_preset=&#8221;default&#8221; global_colors_info=&#8221;{}&#8221;]<\/p>\n<p>CHULA VISTA CENTER x SOMOS VOLT<\/p>\n<h1><\/h1>\n<h1>EL AFTER LIFE<\/h1>\n<h1>A Dia de Los Muertos Celebration for the Community<\/h1>\n<p>[\/et_pb_text][dipl_separator separator_color=&#8221;#8300E9&#8243; _builder_version=&#8221;4.27.4&#8243; _module_preset=&#8221;default&#8221; global_colors_info=&#8221;{}&#8221;][\/dipl_separator][et_pb_text _builder_version=&#8221;4.27.4&#8243; _module_preset=&#8221;default&#8221; global_colors_info=&#8221;{}&#8221;]<\/p>\n<h3>Sunday, November 2, 2025 | 3-6pm<\/h3>\n<h3>Chula Vista Center &#8211; between Macy&#8217;s &amp; Burlington<\/h3>\n<h3>555 Broadway Suite1021, Chula Vista, CA 91910<\/h3>\n<p>[\/et_pb_text][dipl_separator separator_color=&#8221;#8300E9&#8243; _builder_version=&#8221;4.27.4&#8243; _module_preset=&#8221;default&#8221; global_colors_info=&#8221;{}&#8221;][\/dipl_separator][et_pb_text _builder_version=&#8221;4.27.4&#8243; _module_preset=&#8221;default&#8221; custom_margin=&#8221;||3px|||&#8221; custom_padding=&#8221;||14px|||&#8221; global_colors_info=&#8221;{}&#8221;]<\/p>\n<p>SOBRE EL EVENTO<br \/><span>Step into <em>El After Life<\/em> \u2014 where tradition meets celebration. This D\u00eda de los Muertos, the <strong>Chula Vista Center<\/strong> honor the roots of this celebration while making art and culture accessible to the entire community, transforming the mall into a space where memories are shared, traditions are alive, and everyone feels connected.<\/span><\/p>\n<p>[\/et_pb_text][et_pb_text _builder_version=&#8221;4.27.4&#8243; _module_preset=&#8221;default&#8221; custom_margin=&#8221;||3px|||&#8221; custom_padding=&#8221;0px|||||&#8221; global_colors_info=&#8221;{}&#8221;]<\/p>\n<p>FREE FAMILY ACTIVITIES TO EXPECT<\/p>\n<ul>\n<li><strong><span>Community Altar<\/span><\/strong><span>: Community members can upload a photo of loved ones to<br \/>honor with offerings and remembrance.<\/span><\/li>\n<li><span> <\/span><strong><span>Art Exhibition <\/span><\/strong><em><span>by Art Through The Glass<\/span><\/em><\/li>\n<li><span> <\/span><strong><span>Vendors &amp; Artisan Market<\/span><\/strong><\/li>\n<li><span> <\/span><strong><span>Catrin &amp; Cartina Contest <\/span><\/strong><em><span>Prizes<\/span><\/em><\/li>\n<li><span> <\/span><strong><span>Panteon Art Installation<\/span><\/strong><\/li>\n<li><span> <\/span><strong><span>Live Performances: DJ Sets &amp; Folklorico <\/span><\/strong><em><span>by Ti\u2019Pai Academy<\/span><\/em><\/li>\n<li><span> <\/span><strong><span>Face Painting <\/span><\/strong><span><em>by<\/em> <em>Gabby\u2019s Face Painting<\/em><\/span><\/li>\n<li><strong style=\"font-size: 14px;\">Dia De Los Muertos Art Making Stations <\/strong><em style=\"font-size: 14px;\">by Cr34tive Gathering<\/em><\/li>\n<li>\n<div><b><span lang=\"EN\">Gifts, Photo Opportunities &amp; More!<\/span><\/b><\/div>\n<div><\/div>\n<\/li>\n<\/ul>\n<p>[\/et_pb_text][et_pb_text _builder_version=&#8221;4.27.4&#8243; _module_preset=&#8221;default&#8221; custom_margin=&#8221;||3px|||&#8221; custom_padding=&#8221;||15px|||&#8221; global_colors_info=&#8221;{}&#8221;]<\/p>\n<p>THE EXPERIENCE<\/p>\n<p style=\"font-weight: 400;\">Marigolds guide the way, candles flicker like heartbeats, calaveras represent our loved ones, and we share meals in their honor.<\/p>\n<p style=\"font-weight: 400;\">Each year, during <em>D\u00eda de los Muertos<\/em>, the worlds of the living and the dead overlap. Rooted in Indigenous traditions, this celebration honors the return of our loved ones, a ritual cherished by Mexicans around the world who gather to remember, share stories, connect to their homeland and celebrate life.<\/p>\n<p style=\"font-weight: 400;\"><em><span>El After Life <\/span><\/em>celebrates how stories, rituals, and offerings live across generations. Through art, we set the table for those who came before us and invite them to share a night of laughter, love, and song.<\/p>\n<p style=\"font-weight: 400;\">We invite the community to participate in this unique celebration of <em><span>D\u00eda de los Muertos. <\/span><\/em>Where art becomes an ofrenda, a luminous bridge between worlds.<\/p>\n<p>Best of all, this is a <strong>free event created for the community<\/strong> and everyone is encouraged to take part in honoring, remembering, and celebrating together.<\/p>\n<p>[\/et_pb_text][et_pb_text _builder_version=&#8221;4.27.4&#8243; _module_preset=&#8221;default&#8221; custom_padding=&#8221;11px|||||&#8221; link_option_url=&#8221;https:\/\/instagram.com\/visitchulavistacenter&#8221; link_option_url_new_window=&#8221;on&#8221; global_colors_info=&#8221;{}&#8221;]<\/p>\n<div><span lang=\"EN\">S\u00cdGANOS<br \/>https:\/\/instagram.com\/visitchulavistacenter<\/span><\/div>\n<div><\/div>\n<p>[\/et_pb_text][\/et_pb_column][\/et_pb_row][et_pb_row _builder_version=&#8221;4.27.4&#8243; _module_preset=&#8221;default&#8221; global_colors_info=&#8221;{}&#8221;][et_pb_column type=&#8221;4_4&#8243; _builder_version=&#8221;4.27.4&#8243; _module_preset=&#8221;default&#8221; global_colors_info=&#8221;{}&#8221;][et_pb_divider divider_weight=&#8221;1px&#8221; _builder_version=&#8221;4.27.4&#8243; _module_preset=&#8221;default&#8221; global_colors_info=&#8221;{}&#8221;][\/et_pb_divider][\/et_pb_column][\/et_pb_row][\/et_pb_section]<\/p>","protected":false},"excerpt":{"rendered":"<p><div class=\"et_pb_module dipl_separator dipl_separator_0\">\n\t\t\t\t\n\t\t\t\t\n\t\t\t\t\n\t\t\t\t\n\t\t\t\t\n\t\t\t\t\n\t\t\t\t<div class=\"et_pb_module_inner\">\n\t\t\t\t\t<div class=\"dipl_separator_container align_none\">\n\t\t\t\t\t\t\t\t\t<div class=\"dipl_line dipl_line_before\"><\/div>\n\t\t\t\t\t\t\t\t\t\t\n\t\t\t\t\t\t\t\t\t\t\n\t\t\t\t\t\t\t\t\t\t\n\t\t\t\t\t\t\t\t\t<div class=\"dipl_line dipl_line_after\"><\/div>\n\t\t\t\t\t\t\t\t<\/div>\n\t\t\t\t<\/div>\n\t\t\t<\/div>Wellness Y Glow Series Join us for Wellness Y Glow \u2014 a free, glow\u2011themed wellness series happening Wednesdays, April 1, 8, 15 &amp; 22 at 6 PM at Chula Vista Center! Looking for\u00a0wellness events in Chula Vista, relaxing mid\u2011week activities, or fun\u00a0things to do in Chula Vista? Wellness Y Glow [&hellip;]<\/p>","protected":false},"author":1,"featured_media":0,"parent":0,"menu_order":0,"comment_status":"closed","ping_status":"closed","template":"","meta":{"_et_pb_use_builder":"on","_et_pb_old_content":"","_et_gb_content_width":"","footnotes":""},"class_list":["post-1267","page","type-page","status-publish","hentry"],"_links":{"self":[{"href":"https:\/\/chulavistacenter.com\/es\/wp-json\/wp\/v2\/pages\/1267","targetHints":{"allow":["GET"]}}],"collection":[{"href":"https:\/\/chulavistacenter.com\/es\/wp-json\/wp\/v2\/pages"}],"about":[{"href":"https:\/\/chulavistacenter.com\/es\/wp-json\/wp\/v2\/types\/page"}],"author":[{"embeddable":true,"href":"https:\/\/chulavistacenter.com\/es\/wp-json\/wp\/v2\/users\/1"}],"replies":[{"embeddable":true,"href":"https:\/\/chulavistacenter.com\/es\/wp-json\/wp\/v2\/comments?post=1267"}],"version-history":[{"count":78,"href":"https:\/\/chulavistacenter.com\/es\/wp-json\/wp\/v2\/pages\/1267\/revisions"}],"predecessor-version":[{"id":2352,"href":"https:\/\/chulavistacenter.com\/es\/wp-json\/wp\/v2\/pages\/1267\/revisions\/2352"}],"wp:attachment":[{"href":"https:\/\/chulavistacenter.com\/es\/wp-json\/wp\/v2\/media?parent=1267"}],"curies":[{"name":"wp","href":"https:\/\/api.w.org\/{rel}","templated":true}]}}